{"id":48,"date":"2023-09-20T18:59:10","date_gmt":"2023-09-20T16:59:10","guid":{"rendered":"https:\/\/kchbc.beardedcollie.cz\/?page_id=48"},"modified":"2025-10-09T13:11:57","modified_gmt":"2025-10-09T11:11:57","slug":"vystavy-kchbc","status":"publish","type":"page","link":"https:\/\/kchbc.beardedcollie.cz\/?page_id=48","title":{"rendered":"V\u00fdstavy KCHBC"},"content":{"rendered":"<h2 id=\"tablepress-60-name\" class=\"tablepress-table-name tablepress-table-name-id-60\">Klubov\u00e9 v\u00fdstavy 2026<\/h2>\n\n<table id=\"tablepress-60\" class=\"tablepress tablepress-id-60\" aria-labelledby=\"tablepress-60-name\">\n<thead>\n<tr class=\"row-1\">\n\t<th class=\"column-1\">Datum<\/th><th class=\"column-2\">N\u00e1zev<\/th><th class=\"column-3\">M\u00edsto<\/th><th class=\"column-4\">Rozhod\u010d\u00ed<\/th><th class=\"column-5\">V\u00fdsledky<\/th><th class=\"column-6\">Fotografie<\/th>\n<\/tr>\n<\/thead>\n<tbody class=\"row-striping row-hover\">\n<tr class=\"row-2\">\n\t<td class=\"column-1\">11. 10. 2026<\/td><td class=\"column-2\">II. Klubov\u00e1 v\u00fdstava se zad\u00e1v\u00e1n\u00edm titulu Nejlep\u0161\u00ed pes a Nejlep\u0161\u00ed fena<\/td><td class=\"column-3\">T\u00fdn nad Vltavou<\/td><td class=\"column-4\">Bart Vandaele\/B<\/td><td class=\"column-5\"><\/td><td class=\"column-6\"><\/td>\n<\/tr>\n<tr class=\"row-3\">\n\t<td class=\"column-1\">22. 8. 2026<\/td><td class=\"column-2\">Speci\u00e1ln\u00ed v\u00fdstava Bearded collie<\/td><td class=\"column-3\">P\u0159\u00edseka u Jihlavy<\/td><td class=\"column-4\">Marie-Jos\u00e9e Melchior-Schlechter\/LUX<\/td><td class=\"column-5\"><\/td><td class=\"column-6\"><\/td>\n<\/tr>\n<tr class=\"row-4\">\n\t<td class=\"column-1\">16. 5. 2026<\/td><td class=\"column-2\"><a href=\"https:\/\/kchbc.beardedcollie.cz\/wp-content\/uploads\/2026\/02\/2026_KV_Propozice.pdf\" target=\"_blank\">Klubov\u00e1 v\u00fdstava se zad\u00e1v\u00e1n\u00edm titulu Klubov\u00fd v\u00edt\u011bz<\/a><\/td><td class=\"column-3\">Zbe\u010dno<\/td><td class=\"column-4\">Lesley Tomlinson\/GB<\/td><td class=\"column-5\"><\/td><td class=\"column-6\"><\/td>\n<\/tr>\n<\/tbody>\n<\/table>\n<!-- #tablepress-60 from cache -->\n\n<h2 id=\"tablepress-49-name\" class=\"tablepress-table-name tablepress-table-name-id-49\">Klubov\u00e9 v\u00fdstavy 2025<\/h2>\n\n<table id=\"tablepress-49\" class=\"tablepress tablepress-id-49\" aria-labelledby=\"tablepress-49-name\">\n<thead>\n<tr class=\"row-1\">\n\t<th class=\"column-1\">Datum<\/th><th class=\"column-2\">N\u00e1zev<\/th><th class=\"column-3\">M\u00edsto<\/th><th class=\"column-4\">Rozhod\u010d\u00ed<\/th><th class=\"column-5\">V\u00fdsledky<\/th><th class=\"column-6\">Fotografie<\/th>\n<\/tr>\n<\/thead>\n<tbody class=\"row-striping row-hover\">\n<tr class=\"row-2\">\n\t<td class=\"column-1\">5. 10. 2025<\/td><td class=\"column-2\"><a href=\"https:\/\/kchbc.beardedcollie.cz\/wp-content\/uploads\/2025\/07\/2025_IIKV_Propozice.pdf\" target=\"_blank\">II. Klubov\u00e1 v\u00fdstava se zad\u00e1v\u00e1n\u00edm titulu Nejlep\u0161\u00ed pes a Nejlep\u0161\u00ed fena<\/a><\/td><td class=\"column-3\">T\u00fdn nad Vltavou<\/td><td class=\"column-4\">Kerstin Selle\/D<\/td><td class=\"column-5\"><a href=\"https:\/\/www.dogoffice.cz\/results\/27326\" target=\"_blank\">DOGOFFICE<\/a><a href=\"https:\/\/kchbc.beardedcollie.cz\/wp-content\/uploads\/2025\/10\/vysledkyIIKV2025.pdf\" target=\"_blank\"><\/a><br \/>\n<a href=\"https:\/\/kchbc.beardedcollie.cz\/wp-content\/uploads\/2025\/10\/vysledkyIIKV2025.pdf\" target=\"_blank\">PDF<\/a><\/td><td class=\"column-6\"><a href=\"https:\/\/us.zonerama.com\/DABEFOTO\/Album\/1000316974\" target=\"_blank\">FOTO<\/a><\/td>\n<\/tr>\n<tr class=\"row-3\">\n\t<td class=\"column-1\">31. 5. 2025<\/td><td class=\"column-2\"><a href=\"https:\/\/kchbc.beardedcollie.cz\/wp-content\/uploads\/2025\/04\/2025_KV_Propozice.pdf\" target=\"_blank\">Klubov\u00e1 v\u00fdstava se zad\u00e1v\u00e1n\u00edm titulu Klubov\u00fd v\u00edt\u011bz<\/a><\/td><td class=\"column-3\">Zbe\u010dno<\/td><td class=\"column-4\">John Ritchie\/GB<\/td><td class=\"column-5\"><a href=\"https:\/\/dogoffice.cz\/results\/27325\" target=\"_blank\">DOGOFFICE<\/a><br \/>\n<a href=\"https:\/\/kchbc.beardedcollie.cz\/wp-content\/uploads\/2025\/06\/vysledkyKV2025.pdf\" target=\"_blank\">PDF<\/a><\/td><td class=\"column-6\"><a href=\"https:\/\/eu.zonerama.com\/KV2023\/Album\/13362493\" target=\"_blank\">FOTO SOUT\u011a\u017dE<\/a><br \/>\n<a href=\"https:\/\/eu.zonerama.com\/KV2023\/Album\/13385012\" target=\"_blank\">FOTO POSUZOV\u00c1N\u00cd<\/a><br \/>\n<a href=\"https:\/\/www.rajce.idnes.cz\/mioritic\/album\/kv-beardedcollii-zbecno-31-5-2025\" target=\"_blank\">foto Pavel Karf\u00edk<\/a><\/td>\n<\/tr>\n<tr class=\"row-4\">\n\t<td class=\"column-1\">12. 4. 2025<\/td><td class=\"column-2\"><a href=\"https:\/\/kchbc.beardedcollie.cz\/wp-content\/uploads\/2025\/03\/2025_SV_Propozice_zmenamista.pdf\" target=\"_blank\">Speci\u00e1ln\u00ed v\u00fdstava Bearded collie<\/a><\/td><td class=\"column-3\">P\u0159\u00edseka u Jihlavy<\/td><td class=\"column-4\">Ian Copus\/CAN<\/td><td class=\"column-5\"><a href=\"https:\/\/dogoffice.cz\/results\/27327\" target=\"_blank\">DOGOFFICE<\/a><br \/>\n<a href=\"https:\/\/kchbc.beardedcollie.cz\/wp-content\/uploads\/2025\/04\/vysledkySV2025.pdf\" target=\"_blank\">PDF<\/a><\/td><td class=\"column-6\"><a href=\"https:\/\/www.rajce.idnes.cz\/album\/D2xygBCk2Zu76RnL\" target=\"_blank\">FOTO PSI<\/a><br \/>\n<a href=\"https:\/\/www.rajce.idnes.cz\/album\/suKkGhLT8Wp4Uign\" target=\"_blank\">FOTO FENY<\/a><\/td>\n<\/tr>\n<\/tbody>\n<\/table>\n<!-- #tablepress-49 from cache -->\n<h2 id=\"tablepress-40-name\" class=\"tablepress-table-name tablepress-table-name-id-40\">Klubov\u00e9 v\u00fdstavy 2024<\/h2>\n\n<table id=\"tablepress-40\" class=\"tablepress tablepress-id-40\" aria-labelledby=\"tablepress-40-name\">\n<thead>\n<tr class=\"row-1\">\n\t<th class=\"column-1\">Datum<\/th><th class=\"column-2\">N\u00e1zev<\/th><th class=\"column-3\">M\u00edsto<\/th><th class=\"column-4\">Rozhod\u010d\u00ed<\/th><th class=\"column-5\">V\u00fdsledky<\/th><th class=\"column-6\">Fotografie<\/th>\n<\/tr>\n<\/thead>\n<tbody class=\"row-striping row-hover\">\n<tr class=\"row-2\">\n\t<td class=\"column-1\">15. 9. 2024<\/td><td class=\"column-2\"><a href=\"https:\/\/kchbc.beardedcollie.cz\/wp-content\/uploads\/2024\/07\/2024_IIKV_Propozice.pdf\" rel=\"noopener\" target=\"_blank\">II. Klubov\u00e1 v\u00fdstava se zad\u00e1v\u00e1n\u00edm titulu Nejlep\u0161\u00ed pes a Nejlep\u0161\u00ed fena<\/a><\/td><td class=\"column-3\">\u0160vihov (okr. Klatovy)<\/td><td class=\"column-4\">Mgr. V\u00e1clava Ryb\u00e1rov\u00e1<\/td><td class=\"column-5\"><a href=\"https:\/\/www.dogoffice.cz\/results\/26799\" rel=\"noopener\" target=\"_blank\">DOGOFFICE<\/a><br \/>\n<a href=\"https:\/\/kchbc.beardedcollie.cz\/wp-content\/uploads\/2024\/09\/vysledkyIIKV2024.pdf\" rel=\"noopener\" target=\"_blank\">PDF<\/a><\/td><td class=\"column-6\"><a href=\"https:\/\/eu.zonerama.com\/wendulik\/Album\/12066353\" rel=\"noopener\" target=\"_blank\">Foto Vendula Bauerov\u00e1<\/a><\/td>\n<\/tr>\n<tr class=\"row-3\">\n\t<td class=\"column-1\">15. 6. 2024<\/td><td class=\"column-2\"><a href=\"https:\/\/kchbc.beardedcollie.cz\/wp-content\/uploads\/2024\/04\/2024_SV_Propozice_zmena.pdf\" rel=\"noopener\" target=\"_blank\">Speci\u00e1ln\u00ed v\u00fdstava Bearded collie<\/a><\/td><td class=\"column-3\">Jihlava<\/td><td class=\"column-4\">Alan Hosie\/GB<\/td><td class=\"column-5\"><a href=\"https:\/\/www.dogoffice.cz\/results\/26800\" rel=\"noopener\" target=\"_blank\">DOGOFFICE<\/a><br \/>\n<a href=\"https:\/\/kchbc.beardedcollie.cz\/wp-content\/uploads\/2024\/06\/vysledkySVJihlava2024.pdf\" rel=\"noopener\" target=\"_blank\">PDF<\/a><\/td><td class=\"column-6\"><a href=\"https:\/\/eu.zonerama.com\/MarketaLaskova\/Album\/11619406\" rel=\"noopener\" target=\"_blank\">foto Mark\u00e9ta La\u0161kov\u00e1<\/a><\/td>\n<\/tr>\n<tr class=\"row-4\">\n\t<td class=\"column-1\">26. 5. 2024<\/td><td class=\"column-2\"><a href=\"https:\/\/kchbc.beardedcollie.cz\/wp-content\/uploads\/2024\/03\/2024_KV_Propozice.pdf\" rel=\"noopener\" target=\"_blank\">Klubov\u00e1 v\u00fdstava se zad\u00e1v\u00e1n\u00edm titulu Klubov\u00fd v\u00edt\u011bz<\/a><\/td><td class=\"column-3\">Mlad\u00e1 Boleslav<\/td><td class=\"column-4\">Michael Wirth\/D<\/td><td class=\"column-5\"><a href=\"https:\/\/www.dogoffice.cz\/results\/26798\" rel=\"noopener\" target=\"_blank\">DOGOFFICE<\/a><br \/>\n<a href=\"https:\/\/kchbc.beardedcollie.cz\/wp-content\/uploads\/2024\/05\/vysledkyKVMB2024.pdf\" rel=\"noopener\" target=\"_blank\">PDF<\/a><\/td><td class=\"column-6\"><a href=\"https:\/\/eu.zonerama.com\/VystavaBeardedCollie2652024MladaBoleslav\/Album\/11541791\" rel=\"noopener\" target=\"_blank\">foto Martin Bruder<\/a><\/td>\n<\/tr>\n<\/tbody>\n<\/table>\n<!-- #tablepress-40 from cache -->\n<h2 id=\"tablepress-18-name\" class=\"tablepress-table-name tablepress-table-name-id-18\">Klubov\u00e9 v\u00fdstavy 2023<\/h2>\n\n<table id=\"tablepress-18\" class=\"tablepress tablepress-id-18\" aria-labelledby=\"tablepress-18-name\">\n<thead>\n<tr class=\"row-1\">\n\t<th class=\"column-1\">Datum<\/th><th class=\"column-2\">N\u00e1zev<\/th><th class=\"column-3\">M\u00edsto<\/th><th class=\"column-4\">Rozhod\u010d\u00ed<\/th><th class=\"column-5\">V\u00fdsledky<\/th><th class=\"column-6\">Fotografie<\/th>\n<\/tr>\n<\/thead>\n<tbody class=\"row-striping row-hover\">\n<tr class=\"row-2\">\n\t<td class=\"column-1\">10. 9. 2023<\/td><td class=\"column-2\">Speci\u00e1ln\u00ed v\u00fdstava Bearded colli\u00ed<\/td><td class=\"column-3\">Olomouc<\/td><td class=\"column-4\">Nina L\u00f6nner-Andersson\/SE<\/td><td class=\"column-5\"><a href=\"https:\/\/www.dogoffice.cz\/results\/26193\" rel=\"noopener\" target=\"_blank\">V\u00fdsledky<\/a><\/td><td class=\"column-6\">FOTO<\/td>\n<\/tr>\n<tr class=\"row-3\">\n\t<td class=\"column-1\">14. 5. 2023<\/td><td class=\"column-2\">II. Klubov\u00e1 v\u00fdstava se zad\u00e1v\u00e1n\u00edm titulu Podzimn\u00ed v\u00edt\u011bz<\/td><td class=\"column-3\">Nov\u00e1 \u017divoho\u0161\u0165<\/td><td class=\"column-4\">Jenny \u00d6hqvist\/SE<\/td><td class=\"column-5\"><a href=\"https:\/\/kchbc.beardedcollie.cz\/wp-content\/uploads\/2023\/12\/IIKV2023.pdf\" rel=\"noopener\" target=\"_blank\">V\u00fdsledky<\/a><\/td><td class=\"column-6\"><a href=\"https:\/\/eu.zonerama.com\/BeardedkolieNovaZivohost\/Album\/9879223\" rel=\"noopener\" target=\"_blank\">FOTO<\/a><\/td>\n<\/tr>\n<tr class=\"row-4\">\n\t<td class=\"column-1\">13. 5. 2023<\/td><td class=\"column-2\">Klubov\u00e1 v\u00fdstava se zad\u00e1v\u00e1n\u00edm titulu Klubov\u00fd v\u00edt\u011bz<\/td><td class=\"column-3\">Nov\u00e1 \u017divoho\u0161\u0165<\/td><td class=\"column-4\">David Hyde\/GB<\/td><td class=\"column-5\"><a href=\"https:\/\/www.dogoffice.cz\/results\/26191\" rel=\"noopener\" target=\"_blank\">V\u00fdsledky<\/a><\/td><td class=\"column-6\"><a href=\"http:\/\/KV2023.zonerama.com\" rel=\"noopener\" target=\"_blank\">FOTO<\/a><\/td>\n<\/tr>\n<\/tbody>\n<\/table>\n<!-- #tablepress-18 from cache -->\n<h2 id=\"tablepress-17-name\" class=\"tablepress-table-name tablepress-table-name-id-17\">Klubov\u00e9 v\u00fdstavy 2022<\/h2>\n\n<table id=\"tablepress-17\" class=\"tablepress tablepress-id-17\" aria-labelledby=\"tablepress-17-name\">\n<thead>\n<tr class=\"row-1\">\n\t<th class=\"column-1\">Datum<\/th><th class=\"column-2\">N\u00e1zev<\/th><th class=\"column-3\">M\u00edsto<\/th><th class=\"column-4\">Rozhod\u010d\u00ed<\/th><th class=\"column-5\">V\u00fdsledky<\/th><th class=\"column-6\">Fotografie<\/th>\n<\/tr>\n<\/thead>\n<tbody class=\"row-striping row-hover\">\n<tr class=\"row-2\">\n\t<td class=\"column-1\">24. 9. 2022<\/td><td class=\"column-2\">Speci\u00e1ln\u00ed v\u00fdstava Bearded colli\u00ed<\/td><td class=\"column-3\">Velk\u00e9 Mezi\u0159\u00ed\u010d\u00ed<\/td><td class=\"column-4\">Kevin Young\/GB<\/td><td class=\"column-5\"><a href=\"https:\/\/kchbc.beardedcollie.cz\/wp-content\/uploads\/2023\/12\/SV2022.pdf\" rel=\"noopener\" target=\"_blank\">V\u00fdsledky<\/a><\/td><td class=\"column-6\"><a href=\"http:\/\/www.beardedcollie.cz\/new\/upload\/2022\/zasilka-DCTA794AWT7DA7BN.zip\" rel=\"noopener\" target=\"_blank\">FOTO<\/a><\/td>\n<\/tr>\n<tr class=\"row-3\">\n\t<td class=\"column-1\">23. 7. 2022<\/td><td class=\"column-2\">II. Klubov\u00e1 v\u00fdstava se zad\u00e1v\u00e1n\u00edm titulu Podzimn\u00ed v\u00edt\u011bz<\/td><td class=\"column-3\">Deht\u00e1\u0159e<\/td><td class=\"column-4\">Vlastislav Vojtek\/SK<\/td><td class=\"column-5\"><a href=\"https:\/\/kchbc.beardedcollie.cz\/wp-content\/uploads\/2023\/12\/IIKV2022.pdf\" rel=\"noopener\" target=\"_blank\">V\u00fdsledky<\/a><\/td><td class=\"column-6\"><a href=\"https:\/\/fotozona.rajce.idnes.cz\/BEARDED_COLIE_DEHTARE_2022\/\" rel=\"noopener\" target=\"_blank\">FOTO<\/a><br \/>\nn\u00e1zev a heslo: PSI<\/td>\n<\/tr>\n<tr class=\"row-4\">\n\t<td class=\"column-1\">22. 5. 2022<\/td><td class=\"column-2\">Klubov\u00e1 v\u00fdstava se zad\u00e1v\u00e1n\u00edm titulu Klubov\u00fd v\u00edt\u011bz<\/td><td class=\"column-3\">Zbe\u010dno<\/td><td class=\"column-4\">Claus-Peter Fricke\/D<\/td><td class=\"column-5\"><a href=\"https:\/\/kchbc.beardedcollie.cz\/wp-content\/uploads\/2023\/12\/KV2022.pdf\" rel=\"noopener\" target=\"_blank\">V\u00fdsledky<\/a><\/td><td class=\"column-6\"><a href=\"https:\/\/sardelkhyi.rajce.idnes.cz\/KV_Bearded_kolii_Zbecno_22.5.2022\/\" rel=\"noopener\" target=\"_blank\">FOTO<\/a><\/td>\n<\/tr>\n<\/tbody>\n<\/table>\n<!-- #tablepress-17 from cache -->\n<h2 id=\"tablepress-16-name\" class=\"tablepress-table-name tablepress-table-name-id-16\">Klubov\u00e9 v\u00fdstavy 2021<\/h2>\n\n<table id=\"tablepress-16\" class=\"tablepress tablepress-id-16\" aria-labelledby=\"tablepress-16-name\">\n<thead>\n<tr class=\"row-1\">\n\t<th class=\"column-1\">Datum<\/th><th class=\"column-2\">N\u00e1zev<\/th><th class=\"column-3\">M\u00edsto<\/th><th class=\"column-4\">Rozhod\u010d\u00ed<\/th><th class=\"column-5\">V\u00fdsledky<\/th><th class=\"column-6\">Fotografie<\/th>\n<\/tr>\n<\/thead>\n<tbody class=\"row-striping row-hover\">\n<tr class=\"row-2\">\n\t<td class=\"column-1\">1. 10. 2021<\/td><td class=\"column-2\">Speci\u00e1ln\u00ed klubov\u00e1 v\u00fdstava p\u0159i Sv\u011btov\u00e9 v\u00fdstav\u011b<\/td><td class=\"column-3\">Brno<\/td><td class=\"column-4\">Linda Peirson\/GB<\/td><td class=\"column-5\"><a href=\"https:\/\/kchbc.beardedcollie.cz\/wp-content\/uploads\/2023\/12\/mimoradna2021.pdf\" rel=\"noopener\" target=\"_blank\">V\u00fdsledky<\/a><\/td><td class=\"column-6\"><a href=\"http:\/\/www.beardedcollie.cz\/new\/upload\/2022\/WDS.zip\" rel=\"noopener\" target=\"_blank\">FOTO<\/a><\/td>\n<\/tr>\n<tr class=\"row-3\">\n\t<td class=\"column-1\">24. 7. 2021<\/td><td class=\"column-2\">II. Klubov\u00e1 v\u00fdstava se zad\u00e1v\u00e1n\u00edm titulu Podzimn\u00ed v\u00edt\u011bz<\/td><td class=\"column-3\">Deht\u00e1\u0159e<\/td><td class=\"column-4\">Edith Solt\u00e9sz\/AT<\/td><td class=\"column-5\"><a href=\"https:\/\/kchbc.beardedcollie.cz\/wp-content\/uploads\/2023\/12\/IIKV2021.pdf\" rel=\"noopener\" target=\"_blank\">V\u00fdsledky<\/a><\/td><td class=\"column-6\"><a href=\"https:\/\/brozovkam.rajce.idnes.cz\/Dehtare_24.7.2021\/\" rel=\"noopener\" target=\"_blank\">FOTO<\/a><\/td>\n<\/tr>\n<tr class=\"row-4\">\n\t<td class=\"column-1\">12. 6. 2021<\/td><td class=\"column-2\">Klubov\u00e1 v\u00fdstava se zad\u00e1v\u00e1n\u00edm titulu Klubov\u00fd v\u00edt\u011bz<\/td><td class=\"column-3\">Mlad\u00e1 Boleslav<\/td><td class=\"column-4\">Lidija Okle\u0161\u010den\/SLO<\/td><td class=\"column-5\"><a href=\"https:\/\/kchbc.beardedcollie.cz\/wp-content\/uploads\/2023\/12\/KV2021.pdf\" rel=\"noopener\" target=\"_blank\">V\u00fdsledky<\/a><\/td><td class=\"column-6\"><a href=\"https:\/\/mila2021.rajce.idnes.cz\/Klubova_vystava_BC_Mlada_Boleslav_12._6._2021\" rel=\"noopener\" target=\"_blank\">FOTO<\/a><br \/>\njm\u00e9no: Boleslav<br \/>\nk\u00f3d: 12.6.2021<\/td>\n<\/tr>\n<tr class=\"row-5\">\n\t<td class=\"column-1\">30. 5. 2021<\/td><td class=\"column-2\">Speci\u00e1ln\u00ed v\u00fdstava Bearded colli\u00ed<\/td><td class=\"column-3\">Ra\u010dice<\/td><td class=\"column-4\">Alexandra Grygarov\u00e1<\/td><td class=\"column-5\"><a href=\"https:\/\/kchbc.beardedcollie.cz\/wp-content\/uploads\/2023\/12\/SV2021.pdf\" rel=\"noopener\" target=\"_blank\">V\u00fdsledky<\/a><\/td><td class=\"column-6\"><a href=\"https:\/\/sardelkhyi.rajce.idnes.cz\/SV_Bearded_kolii_Racice_30.5.2021\" rel=\"noopener\" target=\"_blank\">FOTO<\/a><\/td>\n<\/tr>\n<\/tbody>\n<\/table>\n<!-- #tablepress-16 from cache -->\n<h2 id=\"tablepress-15-name\" class=\"tablepress-table-name tablepress-table-name-id-15\">Klubov\u00e9 v\u00fdstavy 2020<\/h2>\n\n<table id=\"tablepress-15\" class=\"tablepress tablepress-id-15\" aria-labelledby=\"tablepress-15-name\">\n<thead>\n<tr class=\"row-1\">\n\t<th class=\"column-1\">Datum<\/th><th class=\"column-2\">N\u00e1zev<\/th><th class=\"column-3\">M\u00edsto<\/th><th class=\"column-4\">Rozhod\u010d\u00ed<\/th><th class=\"column-5\">V\u00fdsledky<\/th><th class=\"column-6\">Fotografie<\/th>\n<\/tr>\n<\/thead>\n<tbody class=\"row-striping row-hover\">\n<tr class=\"row-2\">\n\t<td class=\"column-1\">27. 9. 2020<\/td><td class=\"column-2\">Klubov\u00e1 v\u00fdstava se zad\u00e1v\u00e1n\u00edm titulu Klubov\u00fd v\u00edt\u011bz<\/td><td class=\"column-3\">Velk\u00e9 Mezi\u0159\u00ed\u010d\u00ed<\/td><td class=\"column-4\">Milan Krinke<\/td><td class=\"column-5\"><a href=\"https:\/\/kchbc.beardedcollie.cz\/wp-content\/uploads\/2023\/12\/KV2020.pdf\" rel=\"noopener\" target=\"_blank\">V\u00fdsledky<\/a><\/td><td class=\"column-6\"><a href=\"https:\/\/terezka2304.rajce.idnes.cz\/KV_KCHBC_Velke_Mezirici\/\" rel=\"noopener\" target=\"_blank\">FOTO<\/a><\/td>\n<\/tr>\n<tr class=\"row-3\">\n\t<td class=\"column-1\">26. 9. 2020<\/td><td class=\"column-2\">Speci\u00e1ln\u00ed v\u00fdstava Bearded colli\u00ed<\/td><td class=\"column-3\">Velk\u00e9 Mezi\u0159\u00ed\u010d\u00ed<\/td><td class=\"column-4\">Leo\u0161 Jan\u010d\u00edk<\/td><td class=\"column-5\"><a href=\"https:\/\/kchbc.beardedcollie.cz\/wp-content\/uploads\/2023\/12\/SV2020.pdf\" rel=\"noopener\" target=\"_blank\">V\u00fdsledky<\/a><\/td><td class=\"column-6\"><a href=\"https:\/\/terezka2304.rajce.idnes.cz\/Specialni_vystava_KCHBC_-_26.9.2020\/\" rel=\"noopener\" target=\"_blank\">FOTO<\/a><\/td>\n<\/tr>\n<tr class=\"row-4\">\n\t<td class=\"column-1\">25. 7. 2020<\/td><td class=\"column-2\">II. Klubov\u00e1 v\u00fdstava se zad\u00e1v\u00e1n\u00edm titulu Podzimn\u00ed v\u00edt\u011bz<\/td><td class=\"column-3\">Deht\u00e1\u0159e<\/td><td class=\"column-4\">Iris Urschitz\/AT<\/td><td class=\"column-5\"><a href=\"https:\/\/kchbc.beardedcollie.cz\/wp-content\/uploads\/2023\/12\/IIKV2020.pdf\" rel=\"noopener\" target=\"_blank\">V\u00fdsledky<\/a><\/td><td class=\"column-6\"><a href=\"https:\/\/fotozona.rajce.idnes.cz\/PSI_DEHTARE_2020\/?utm_source=notification&amp;utm_medium=email&amp;utm_campaign=album-created\" rel=\"noopener\" target=\"_blank\">FOTO<\/a><\/td>\n<\/tr>\n<\/tbody>\n<\/table>\n<!-- #tablepress-15 from cache -->\n<h2 id=\"tablepress-14-name\" class=\"tablepress-table-name tablepress-table-name-id-14\">Klubov\u00e9 v\u00fdstavy 2019<\/h2>\n\n<table id=\"tablepress-14\" class=\"tablepress tablepress-id-14\" aria-labelledby=\"tablepress-14-name\">\n<thead>\n<tr class=\"row-1\">\n\t<th class=\"column-1\">Datum<\/th><th class=\"column-2\">N\u00e1zev<\/th><th class=\"column-3\">M\u00edsto<\/th><th class=\"column-4\">Rozhod\u010d\u00ed<\/th><th class=\"column-5\">V\u00fdsledky<\/th><th class=\"column-6\">Fotografie<\/th>\n<\/tr>\n<\/thead>\n<tbody class=\"row-striping row-hover\">\n<tr class=\"row-2\">\n\t<td class=\"column-1\">14. 9. 2019<\/td><td class=\"column-2\">Speci\u00e1ln\u00ed v\u00fdstava Bearded colli\u00ed<\/td><td class=\"column-3\">Velk\u00e9 Mezi\u0159\u00ed\u010d\u00ed<\/td><td class=\"column-4\">Susanne Naprawnik\/AT<\/td><td class=\"column-5\"><a href=\"https:\/\/kchbc.beardedcollie.cz\/wp-content\/uploads\/2023\/12\/SV2019.pdf\" rel=\"noopener\" target=\"_blank\">V\u00fdsledky<\/a><\/td><td class=\"column-6\"><a href=\"https:\/\/brozovkam.rajce.idnes.cz\/SV_Velke_Mezirici\/\" rel=\"noopener\" target=\"_blank\">FOTO<\/a><br \/>\njm\u00e9no: bearded k\u00f3d: collie<\/td>\n<\/tr>\n<tr class=\"row-3\">\n\t<td class=\"column-1\">30. 6. 2019<\/td><td class=\"column-2\">II. Klubov\u00e1 v\u00fdstava se zad\u00e1v\u00e1n\u00edm titulu Podzimn\u00ed v\u00edt\u011bz<\/td><td class=\"column-3\">Deht\u00e1\u0159e<\/td><td class=\"column-4\">Hans-Ulrich H\u00e4berli\/CH<\/td><td class=\"column-5\"><a href=\"https:\/\/kchbc.beardedcollie.cz\/wp-content\/uploads\/2023\/12\/IIKV2019.pdf\" rel=\"noopener\" target=\"_blank\">V\u00fdsledky<\/a><\/td><td class=\"column-6\"><a href=\"https:\/\/fotozona.rajce.idnes.cz\/Dehtare_pejsci_2019\" rel=\"noopener\" target=\"_blank\">FOTO<\/a><br \/>\njm\u00e9no i heslo: PSI<\/td>\n<\/tr>\n<tr class=\"row-4\">\n\t<td class=\"column-1\">19. 5. 2019<\/td><td class=\"column-2\">Klubov\u00e1 v\u00fdstava se zad\u00e1v\u00e1n\u00edm titulu Klubov\u00fd v\u00edt\u011bz<\/td><td class=\"column-3\">Mlad\u00e1 Boleslav<\/td><td class=\"column-4\">Evelyn Stotuth\/D<\/td><td class=\"column-5\"><a href=\"https:\/\/kchbc.beardedcollie.cz\/wp-content\/uploads\/2023\/12\/KV2019.pdf\" rel=\"noopener\" target=\"_blank\">V\u00fdsledky<\/a><\/td><td class=\"column-6\"><a href=\"https:\/\/xalia.rajce.idnes.cz\/KV_Mlada_Boleslav_2019\" rel=\"noopener\" target=\"_blank\">FOTO<\/a><\/td>\n<\/tr>\n<\/tbody>\n<\/table>\n<!-- #tablepress-14 from cache -->\n<h2 id=\"tablepress-13-name\" class=\"tablepress-table-name tablepress-table-name-id-13\">Klubov\u00e9 v\u00fdstavy 2018<\/h2>\n\n<table id=\"tablepress-13\" class=\"tablepress tablepress-id-13\" aria-labelledby=\"tablepress-13-name\">\n<thead>\n<tr class=\"row-1\">\n\t<th class=\"column-1\">Datum<\/th><th class=\"column-2\">N\u00e1zev<\/th><th class=\"column-3\">M\u00edsto<\/th><th class=\"column-4\">Rozhod\u010d\u00ed<\/th><th class=\"column-5\">V\u00fdsledky<\/th><th class=\"column-6\">Fotografie<\/th>\n<\/tr>\n<\/thead>\n<tbody class=\"row-striping row-hover\">\n<tr class=\"row-2\">\n\t<td class=\"column-1\">8. 9. 2018<\/td><td class=\"column-2\">Speci\u00e1ln\u00ed v\u00fdstava Bearded colli\u00ed<\/td><td class=\"column-3\">Valtice<\/td><td class=\"column-4\">Christina Bailey\/GB<\/td><td class=\"column-5\"><a href=\"https:\/\/kchbc.beardedcollie.cz\/wp-content\/uploads\/2023\/12\/SV2018.pdf\" rel=\"noopener\" target=\"_blank\">V\u00fdsledky<\/a><\/td><td class=\"column-6\"><a href=\"https:\/\/xalia.rajce.idnes.cz\/SV_Valtice_2018\/\" rel=\"noopener\" target=\"_blank\">FOTO<\/a><\/td>\n<\/tr>\n<tr class=\"row-3\">\n\t<td class=\"column-1\">21. 7. 2018<\/td><td class=\"column-2\">II. Klubov\u00e1 v\u00fdstava se zad\u00e1v\u00e1n\u00edm titulu Podzimn\u00ed v\u00edt\u011bz<\/td><td class=\"column-3\">\u0160toky<\/td><td class=\"column-4\">Lenka Kl\u00edmov\u00e1<\/td><td class=\"column-5\"><a href=\"https:\/\/kchbc.beardedcollie.cz\/wp-content\/uploads\/2023\/12\/IIKV2018.pdf\" rel=\"noopener\" target=\"_blank\">V\u00fdsledky<\/a><\/td><td class=\"column-6\"><a href=\"https:\/\/www.rajce.idnes.cz\/xalia\/album\/ii-kv-stoky\" rel=\"noopener\" target=\"_blank\">FOTO<\/a><\/td>\n<\/tr>\n<tr class=\"row-4\">\n\t<td class=\"column-1\">6. 5. 2018<\/td><td class=\"column-2\">Klubov\u00e1 v\u00fdstava se zad\u00e1v\u00e1n\u00edm titulu Klubov\u00fd v\u00edt\u011bz<\/td><td class=\"column-3\">Mlad\u00e1 Boleslav<\/td><td class=\"column-4\">Glenda o'Connel\/GB<\/td><td class=\"column-5\"><a href=\"https:\/\/kchbc.beardedcollie.cz\/wp-content\/uploads\/2023\/12\/KV2018.pdf\" rel=\"noopener\" target=\"_blank\">V\u00fdsledky<\/a><\/td><td class=\"column-6\"><a href=\"https:\/\/xalia.rajce.idnes.cz\/KV_Mlada_Boleslav\/\" rel=\"noopener\" target=\"_blank\">FOTO<\/a><\/td>\n<\/tr>\n<\/tbody>\n<\/table>\n<!-- #tablepress-13 from cache -->\n<h2 id=\"tablepress-12-name\" class=\"tablepress-table-name tablepress-table-name-id-12\">Klubov\u00e9 v\u00fdstavy 2017<\/h2>\n\n<table id=\"tablepress-12\" class=\"tablepress tablepress-id-12\" aria-labelledby=\"tablepress-12-name\">\n<thead>\n<tr class=\"row-1\">\n\t<th class=\"column-1\">Datum<\/th><th class=\"column-2\">N\u00e1zev<\/th><th class=\"column-3\">M\u00edsto<\/th><th class=\"column-4\">Rozhod\u010d\u00ed<\/th><th class=\"column-5\">V\u00fdsledky<\/th><th class=\"column-6\">Fotografie<\/th>\n<\/tr>\n<\/thead>\n<tbody class=\"row-striping row-hover\">\n<tr class=\"row-2\">\n\t<td class=\"column-1\">8. 10. 2017<\/td><td class=\"column-2\">II. Klubov\u00e1 v\u00fdstava se zad\u00e1v\u00e1n\u00edm titulu Podzimn\u00ed v\u00edt\u011bz<\/td><td class=\"column-3\">Deht\u00e1\u0159e<\/td><td class=\"column-4\">Heike Bilsheim\/D<\/td><td class=\"column-5\"><a href=\"https:\/\/kchbc.beardedcollie.cz\/wp-content\/uploads\/2023\/12\/IIKV2017.pdf\" rel=\"noopener\" target=\"_blank\">V\u00fdsledky<\/a><\/td><td class=\"column-6\"><a href=\"http:\/\/fotozona.rajce.idnes.cz\/PSI_DEHTARE_2017\" rel=\"noopener\" target=\"_blank\">FOTO<\/a><\/td>\n<\/tr>\n<tr class=\"row-3\">\n\t<td class=\"column-1\">5. 8. 2017<\/td><td class=\"column-2\">Speci\u00e1ln\u00ed v\u00fdstava Bearded colli\u00ed<\/td><td class=\"column-3\">\u0160toky<\/td><td class=\"column-4\">Milan Krinke<\/td><td class=\"column-5\"><a href=\"https:\/\/kchbc.beardedcollie.cz\/wp-content\/uploads\/2023\/12\/SV2017.pdf\" rel=\"noopener\" target=\"_blank\">V\u00fdsledky<\/a><\/td><td class=\"column-6\"><a href=\"http:\/\/nadlani.rajce.idnes.cz\/Specialni_vystava_KCHBC_Stoky_2017\/\" rel=\"noopener\" target=\"_blank\">FOTO<\/a><\/td>\n<\/tr>\n<tr class=\"row-4\">\n\t<td class=\"column-1\">30. 4. 2017<\/td><td class=\"column-2\">Klubov\u00e1 v\u00fdstava se zad\u00e1v\u00e1n\u00edm titulu Klubov\u00fd v\u00edt\u011bz<\/td><td class=\"column-3\">Mlad\u00e1 Boleslav<\/td><td class=\"column-4\">Kurt Nilsson\/SE<\/td><td class=\"column-5\"><a href=\"https:\/\/kchbc.beardedcollie.cz\/wp-content\/uploads\/2023\/12\/KV2017.pdf\" rel=\"noopener\" target=\"_blank\">V\u00fdsledky<\/a><\/td><td class=\"column-6\"><a href=\"http:\/\/dpopzelev.rajce.idnes.cz\/2017_04_30_KV_Mlada_Boleslav\" rel=\"noopener\" target=\"_blank\"><\/a><\/td>\n<\/tr>\n<\/tbody>\n<\/table>\n<!-- #tablepress-12 from cache -->\n<h2 id=\"tablepress-11-name\" class=\"tablepress-table-name tablepress-table-name-id-11\">Klubov\u00e9 v\u00fdstavy 2016<\/h2>\n\n<table id=\"tablepress-11\" class=\"tablepress tablepress-id-11\" aria-labelledby=\"tablepress-11-name\">\n<thead>\n<tr class=\"row-1\">\n\t<th class=\"column-1\">Datum<\/th><th class=\"column-2\">N\u00e1zev<\/th><th class=\"column-3\">M\u00edsto<\/th><th class=\"column-4\">Rozhod\u010d\u00ed<\/th><th class=\"column-5\">V\u00fdsledky<\/th><th class=\"column-6\">Fotografie<\/th>\n<\/tr>\n<\/thead>\n<tbody class=\"row-striping row-hover\">\n<tr class=\"row-2\">\n\t<td class=\"column-1\">9. 10. 2016<\/td><td class=\"column-2\">II. Klubov\u00e1 v\u00fdstava se zad\u00e1v\u00e1n\u00edm titulu Podzimn\u00ed v\u00edt\u011bz<\/td><td class=\"column-3\">Hlubok\u00e1 nad Vltavou<\/td><td class=\"column-4\">Mark Wibier\/NL<\/td><td class=\"column-5\"><a href=\"https:\/\/kchbc.beardedcollie.cz\/wp-content\/uploads\/2023\/12\/IIKV2016.pdf\" rel=\"noopener\" target=\"_blank\">V\u00fdsledky<\/a><\/td><td class=\"column-6\"><a href=\"https:\/\/www.rajce.idnes.cz\/beardie\/album\/2-kv-hluboka-nad-vltavou-9-10-2016\" rel=\"noopener\" target=\"_blank\">FOTO<\/a><\/td>\n<\/tr>\n<tr class=\"row-3\">\n\t<td class=\"column-1\">9. 7. 2016<\/td><td class=\"column-2\">Speci\u00e1ln\u00ed v\u00fdstava Bearded colli\u00ed<\/td><td class=\"column-3\">Jihlava<\/td><td class=\"column-4\">Frances Chapman-King\/GB<\/td><td class=\"column-5\"><a href=\"https:\/\/kchbc.beardedcollie.cz\/wp-content\/uploads\/2023\/12\/SV2016.pdf\" rel=\"noopener\" target=\"_blank\">V\u00fdsledky<\/a><\/td><td class=\"column-6\"><a href=\"https:\/\/www.flickr.com\/photos\/133349610@N03\/sets\/72157671242283291\" rel=\"noopener\" target=\"_blank\">FOTO<\/a><\/td>\n<\/tr>\n<tr class=\"row-4\">\n\t<td class=\"column-1\">1. 5. 2016<\/td><td class=\"column-2\">Klubov\u00e1 v\u00fdstava se zad\u00e1v\u00e1n\u00edm titulu Klubov\u00fd v\u00edt\u011bz<\/td><td class=\"column-3\">Mlad\u00e1 Boleslav<\/td><td class=\"column-4\">Ulrica Olsson\/SE<\/td><td class=\"column-5\"><a href=\"https:\/\/kchbc.beardedcollie.cz\/wp-content\/uploads\/2023\/12\/KV2016.pdf\" rel=\"noopener\" target=\"_blank\">V\u00fdsledky<\/a><\/td><td class=\"column-6\"><a href=\"https:\/\/www.rajce.idnes.cz\/dpopzelev\/album\/2016-05-01-kv-mlada-boleslav\" rel=\"noopener\" target=\"_blank\">FOTO<\/a><\/td>\n<\/tr>\n<\/tbody>\n<\/table>\n<!-- #tablepress-11 from cache -->","protected":false},"excerpt":{"rendered":"","protected":false},"author":2,"featured_media":0,"parent":44,"menu_order":0,"comment_status":"closed","ping_status":"closed","template":"","meta":{"_acf_changed":false,"site-sidebar-layout":"default","site-content-layout":"","ast-site-content-layout":"default","site-content-style":"default","site-sidebar-style":"default","ast-global-header-display":"","ast-banner-title-visibility":"","ast-main-header-display":"","ast-hfb-above-header-display":"","ast-hfb-below-header-display":"","ast-hfb-mobile-header-display":"","site-post-title":"","ast-breadcrumbs-content":"","ast-featured-img":"","footer-sml-layout":"","ast-disable-related-posts":"","theme-transparent-header-meta":"default","adv-header-id-meta":"","stick-header-meta":"","header-above-stick-meta":"","header-main-stick-meta":"","header-below-stick-meta":"","astra-migrate-meta-layouts":"set","ast-page-background-enabled":"default","ast-page-background-meta":{"desktop":{"background-color":"var(--ast-global-color-4)","background-image":"","background-repeat":"repeat","background-position":"center center","background-size":"auto","background-attachment":"scroll","background-type":"","background-media":"","overlay-type":"","overlay-color":"","overlay-opacity":"","overlay-gradient":""},"tablet":{"background-color":"","background-image":"","background-repeat":"repeat","background-position":"center center","background-size":"auto","background-attachment":"scroll","background-type":"","background-media":"","overlay-type":"","overlay-color":"","overlay-opacity":"","overlay-gradient":""},"mobile":{"background-color":"","background-image":"","background-repeat":"repeat","background-position":"center center","background-size":"auto","background-attachment":"scroll","background-type":"","background-media":"","overlay-type":"","overlay-color":"","overlay-opacity":"","overlay-gradient":""}},"ast-content-background-meta":{"desktop":{"background-color":"var(--ast-global-color-5)","background-image":"","background-repeat":"repeat","background-position":"center center","background-size":"auto","background-attachment":"scroll","background-type":"","background-media":"","overlay-type":"","overlay-color":"","overlay-opacity":"","overlay-gradient":""},"tablet":{"background-color":"var(--ast-global-color-5)","background-image":"","background-repeat":"repeat","background-position":"center center","background-size":"auto","background-attachment":"scroll","background-type":"","background-media":"","overlay-type":"","overlay-color":"","overlay-opacity":"","overlay-gradient":""},"mobile":{"background-color":"var(--ast-global-color-5)","background-image":"","background-repeat":"repeat","background-position":"center center","background-size":"auto","background-attachment":"scroll","background-type":"","background-media":"","overlay-type":"","overlay-color":"","overlay-opacity":"","overlay-gradient":""}},"footnotes":""},"class_list":["post-48","page","type-page","status-publish","hentry"],"acf":[],"featured_image_src":null,"_links":{"self":[{"href":"https:\/\/kchbc.beardedcollie.cz\/index.php?rest_route=\/wp\/v2\/pages\/48","targetHints":{"allow":["GET"]}}],"collection":[{"href":"https:\/\/kchbc.beardedcollie.cz\/index.php?rest_route=\/wp\/v2\/pages"}],"about":[{"href":"https:\/\/kchbc.beardedcollie.cz\/index.php?rest_route=\/wp\/v2\/types\/page"}],"author":[{"embeddable":true,"href":"https:\/\/kchbc.beardedcollie.cz\/index.php?rest_route=\/wp\/v2\/users\/2"}],"replies":[{"embeddable":true,"href":"https:\/\/kchbc.beardedcollie.cz\/index.php?rest_route=%2Fwp%2Fv2%2Fcomments&post=48"}],"version-history":[{"count":5,"href":"https:\/\/kchbc.beardedcollie.cz\/index.php?rest_route=\/wp\/v2\/pages\/48\/revisions"}],"predecessor-version":[{"id":4667,"href":"https:\/\/kchbc.beardedcollie.cz\/index.php?rest_route=\/wp\/v2\/pages\/48\/revisions\/4667"}],"up":[{"embeddable":true,"href":"https:\/\/kchbc.beardedcollie.cz\/index.php?rest_route=\/wp\/v2\/pages\/44"}],"wp:attachment":[{"href":"https:\/\/kchbc.beardedcollie.cz\/index.php?rest_route=%2Fwp%2Fv2%2Fmedia&parent=48"}],"curies":[{"name":"wp","href":"https:\/\/api.w.org\/{rel}","templated":true}]}}